{"id":10859,"date":"2025-02-24T15:52:55","date_gmt":"2025-02-24T14:52:55","guid":{"rendered":"https:\/\/agevp60.com\/?page_id=10859"},"modified":"2025-02-24T18:10:17","modified_gmt":"2025-02-24T17:10:17","slug":"tran-van-ba-heros-de-la-resistance-vietnamienne","status":"publish","type":"page","link":"https:\/\/agevp60.com\/index.php\/tran-van-ba-heros-de-la-resistance-vietnamienne\/","title":{"rendered":"Tr\u1ea7n V\u0103n B\u00e1, H\u00e9ros de la R\u00e9sistance Vietnamienne"},"content":{"rendered":"\t\t<div data-elementor-type=\"wp-page\" data-elementor-id=\"10859\" class=\"elementor elementor-10859\">\n\t\t\t\t<div class=\"elementor-element elementor-element-4aedd47 e-flex e-con-boxed e-con e-parent\" data-id=\"4aedd47\" data-element_type=\"container\" data-e-type=\"container\">\n\t\t\t\t\t<div class=\"e-con-inner\">\n\t\t<div class=\"elementor-element elementor-element-956eec7 e-flex e-con-boxed e-con e-child\" data-id=\"956eec7\" data-element_type=\"container\" data-e-type=\"container\">\n\t\t\t\t\t<div class=\"e-con-inner\">\n\t\t\t\t<div class=\"elementor-element elementor-element-403cef3 elementor-widget elementor-widget-heading\" data-id=\"403cef3\" data-element_type=\"widget\" data-e-type=\"widget\" data-widget_type=\"heading.default\">\n\t\t\t\t<div class=\"elementor-widget-container\">\n\t\t\t\t\t<h1 class=\"elementor-heading-title elementor-size-default\">D\u00e9cennie 1974 - 1983<\/h1>\t\t\t\t<\/div>\n\t\t\t\t<\/div>\n\t\t\t\t\t<\/div>\n\t\t\t\t<\/div>\n\t\t\t\t\t<\/div>\n\t\t\t\t<\/div>\n\t\t<div class=\"elementor-element elementor-element-47af451 e-flex e-con-boxed e-con e-parent\" data-id=\"47af451\" data-element_type=\"container\" data-e-type=\"container\">\n\t\t\t\t\t<div class=\"e-con-inner\">\n\t\t\t\t<div class=\"elementor-element elementor-element-307e13f elementor-widget elementor-widget-heading\" data-id=\"307e13f\" data-element_type=\"widget\" data-e-type=\"widget\" data-widget_type=\"heading.default\">\n\t\t\t\t<div class=\"elementor-widget-container\">\n\t\t\t\t\t<h2 class=\"elementor-heading-title elementor-size-default\">Tr\u1ea7n V\u0103n B\u00e1, H\u00e9ros de la R\u00e9sistance Vietnamienne<\/h2>\t\t\t\t<\/div>\n\t\t\t\t<\/div>\n\t\t\t\t\t<\/div>\n\t\t\t\t<\/div>\n\t\t<div class=\"elementor-element elementor-element-b9ed77f e-flex e-con-boxed e-con e-parent\" data-id=\"b9ed77f\" data-element_type=\"container\" data-e-type=\"container\">\n\t\t\t\t\t<div class=\"e-con-inner\">\n\t\t\t\t<div class=\"elementor-element elementor-element-ff29f2c elementor-drop-cap-yes elementor-drop-cap-view-default elementor-widget elementor-widget-text-editor\" data-id=\"ff29f2c\" data-element_type=\"widget\" data-e-type=\"widget\" data-settings=\"{&quot;drop_cap&quot;:&quot;yes&quot;}\" data-widget_type=\"text-editor.default\">\n\t\t\t\t<div class=\"elementor-widget-container\">\n\t\t\t\t\t\t\t\t\t<p>Le 8 janvier 1985, le nom de Tr\u1ea7n V\u0103n B\u00e1 entra dans l\u2019histoire. Ce matin l\u00e0 \u00e0 Th\u1ee7 \u0110\u1ee9c, ville situ\u00e9e \u00e0 l\u2019est de Saigon, Tr\u1ea7n V\u0103n B\u00e1 ainsi que deux compagnons L\u00ea Qu\u1ed1c Qu\u00e2n et H\u1ed3 Th\u00e1i B\u1ea1ch furent fusill\u00e9s sur ordre de la dictature de Hanoi, peu apr\u00e8s avoir \u00e9t\u00e9 condamn\u00e9s \u00e0 mort \u00e0 l\u2019issue d\u2019un proc\u00e8s historique.<br \/>A l\u2019occasion de la 40e ann\u00e9e de sa comm\u00e9moration, l\u2019article ci-dessous \u00e0 destination des Vietnamiens francophones n\u00e9s apr\u00e8s 1985 vise \u00e0 relater les principaux \u00e9l\u00e9ments du proc\u00e8s, le contexte historique et les r\u00e9cits permettant de conna\u00eetre Tr\u1ea7n V\u0103n B\u00e1, devenu le h\u00e9ros de la r\u00e9sistance vietnamienne.<\/p>\t\t\t\t\t\t\t\t<\/div>\n\t\t\t\t<\/div>\n\t\t\t\t\t<\/div>\n\t\t\t\t<\/div>\n\t\t<div class=\"elementor-element elementor-element-a8ab7bb e-flex e-con-boxed e-con e-parent\" data-id=\"a8ab7bb\" data-element_type=\"container\" data-e-type=\"container\">\n\t\t\t\t\t<div class=\"e-con-inner\">\n\t\t\t\t<div class=\"elementor-element elementor-element-3187600 elementor-widget elementor-widget-text-editor\" data-id=\"3187600\" data-element_type=\"widget\" data-e-type=\"widget\" data-widget_type=\"text-editor.default\">\n\t\t\t\t<div class=\"elementor-widget-container\">\n\t\t\t\t\t\t\t\t\t<p><strong>D\u00e9roulement du proc\u00e8s<\/strong><\/p><p>Le 14\/01\/1984, 21 r\u00e9sistants appartenant au Front Uni des Forces Patriotiques de Lib\u00e9ration du Vietnam (FUFPLV) ont \u00e9t\u00e9 jug\u00e9s devant le Tribunal Populaire Supr\u00eame du r\u00e9gime de Hanoi.<\/p><p>Le proc\u00e8s s\u2019\u00e9tait tenu \u00e0 Saigon, en s\u00e9ance publique.<\/p><p>Dans son r\u00e9quisitoire, le procureur Tr\u1ea7n T\u1ebf affirmait que d\u00e8s janvier 1981, la s\u00e9curit\u00e9 int\u00e9rieure avait d\u00e9tect\u00e9 l\u2019infiltration au Vietnam d\u2019une \u201corganisation d\u2019espions\u201d. Selon le document \u00e0 charge, les dirigeants de l\u2019organisation \u00e9taient L\u00ea Qu\u1ed1c Tu\u00fd pr\u00e9sident, Mai V\u0103n copr\u00e9sident en charge des affaires ext\u00e9rieures, Hu\u1ef3nh V\u0129nh Sanh et H\u1ed3 Th\u00e1i B\u1ea1ch copr\u00e9sidents de l\u2019organisation \u00e0 l\u2019int\u00e9rieur du Vietnam.<\/p><p>Le r\u00e9quisitoire d\u00e9non\u00e7ait en vrac un complot de la CIA, des services secrets tha\u00eflandais et de la Chine accus\u00e9e d\u2019avoir financ\u00e9 et soutenu les activit\u00e9s de \u201cl\u2019organisation d\u2019espions\u201d. Rappelons que dans ces ann\u00e9es l\u00e0, le Vietnam, soutenu par l\u2019URSS, \u00e9tait en conflit ouvert et arm\u00e9 avec la Chine communiste.<\/p><p>Dans sa conf\u00e9rence de presse \u00e0 Paris, L\u00ea Qu\u1ed1c Tu\u00fd, Pr\u00e9sident du FUFPLV confirma l\u2019arrestation de membres de son organisation depuis 1980, et que le Front ne b\u00e9n\u00e9ficiait d\u2019aucune aide ext\u00e9rieure, les accusations de soutien chinois, tha\u00eflandais et am\u00e9ricain ne visant qu\u2019\u00e0 discr\u00e9diter la r\u00e9sistance. Les armes \u00e9taient fournies ou achet\u00e9es aupr\u00e8s de cadres communistes vietnamiens, dont deux figuraient parmi les 21 condamn\u00e9s au proc\u00e8s.<\/p><p>Concernant Tr\u1ea7n V\u0103n B\u00e1, le r\u00e9quisitoire notait :<br \/><em>Tr\u1ea7n V\u0103n B\u00e1 \u00e9tait pr\u00e9sident de l\u2019Association G\u00e9n\u00e9rale des \u00c9tudiants Vietnamiens de Paris dans les ann\u00e9es 1970 jusqu\u2019\u00e0 1980.<\/em><\/p><p><em>En 1980, Tr\u1ea7n V\u0103n B\u00e1 rejoignit le Front de L\u00ea Qu\u1ed1c Tu\u00fd \u2013 Mai V\u0103n H\u1ea1nh, partit \u00e0 Bangkok en Tha\u00eflande et se voyait confier le recrutement et l\u2019entra\u00eenement de volontaires provenant des camps de r\u00e9fugi\u00e9s vietnamiens en Tha\u00eflande. Tr\u1ea7n V\u0103n B\u00e1 \u00e9tait \u00e0 l\u2019\u00e9tat major, adjoint et repr\u00e9sentant de L\u00ea Qu\u1ed1c Tu\u00fd aupr\u00e8s des contacts tha\u00eflandais, chinois et am\u00e9ricains. Il \u00e9tait responsable du centre d\u2019entra\u00eenement en Tha\u00eflande et des op\u00e9rations d\u2019infiltrations au Vietnam. De 1980 a 1983, il avait dirig\u00e9 10 op\u00e9rations d\u2019infiltration au Vietnam, acheminant hommes, armes, mat\u00e9riel de communication et uniformes.<\/em><\/p><p><strong>Un t\u00e9moin du proc\u00e8s<\/strong><\/p><p>K, membre de l\u2019Association G\u00e9n\u00e9rale des \u00c9tudiants Vietnamiens de Paris arriv\u00e9 en France en 1990, se trouvait encore \u00e0 Saigon en 1984 et eut l\u2019occasion d\u2019assister directement au proc\u00e8s des r\u00e9sistants Tr\u1ea7n V\u0103n B\u00e1, Mai V\u0103n H\u1ea1nh, L\u00ea Qu\u1ed1c Qu\u00e2n, H\u1ed3 Th\u00e1i B\u1ea1ch, Hu\u1ef3nh V\u0129nh Sanh et 100 autres personnes.<\/p><p>Sans conna\u00eetre aucun des accus\u00e9s, un prisonnier avait attir\u00e9 son attention lorsque le tribunal l\u2019avait pr\u00e9sent\u00e9 comme un ancien pr\u00e9sident de l\u2019Association G\u00e9n\u00e9rale des \u00c9tudiants de Paris. Le corps fr\u00eale, le visage \u00e9maci\u00e9, \u00e0 chaque interruption de s\u00e9ance, Tr\u1ea7n V\u0103n B\u00e1 sortait de la salle de proc\u00e8s en boitant comme s\u2019il avait un handicap \u00e0 la jambe. Pendant tout le proc\u00e8s, on le voyait souvent la t\u00eate baiss\u00e9e, comme s\u2019il ne voulait rien voir ni rien entendre du d\u00e9roulement du proc\u00e8s. M\u00eame au moment de sa propre condamnation \u00e0 mort, il ne manifesta aucune r\u00e9action.<\/p><p>K avait remarqu\u00e9 que le proc\u00e8s mentionnait beaucoup moins Tr\u1ea7n V\u0103n B\u00e1 que les quatre autres accus\u00e9s, comme pour minorer son r\u00f4le au sein du Front Unifi\u00e9 des Forces Patriotiques de Lib\u00e9ration du Vietnam. Il fut pourtant l\u2019un des 3 seuls condamn\u00e9s \u00e0 mort.<\/p><p><b>Le verdict<\/b><\/p><p>S\u2019agissant d\u2019un tribunal \u201cpopulaire\u201d, donc stalinien, les verdicts \u00e9taient d\u00e9cid\u00e9s \u00e0 l\u2019avance, les accus\u00e9s n\u2019ayant aucun droit, pas plus que l\u2019avocat de la d\u00e9fense, dont le plaidoyer \u00e9tait limit\u00e9 aux aveux de culpabilit\u00e9 et aux demandes de pardon.<\/p><p><img fetchpriority=\"high\" decoding=\"async\" class=\"size-medium wp-image-10873 aligncenter\" src=\"https:\/\/agevp60.com\/wp-content\/uploads\/2025\/02\/tvbtribunal1-300x210.jpg\" alt=\"\" width=\"300\" height=\"210\" srcset=\"https:\/\/agevp60.com\/wp-content\/uploads\/2025\/02\/tvbtribunal1-300x210.jpg 300w, https:\/\/agevp60.com\/wp-content\/uploads\/2025\/02\/tvbtribunal1-1024x717.jpg 1024w, https:\/\/agevp60.com\/wp-content\/uploads\/2025\/02\/tvbtribunal1-768x538.jpg 768w, https:\/\/agevp60.com\/wp-content\/uploads\/2025\/02\/tvbtribunal1.jpg 1500w\" sizes=\"(max-width: 300px) 100vw, 300px\" \/><\/p><p>Apr\u00e8s 4 jours de proc\u00e8s, les verdicts furent proclam\u00e9s :<\/p><ul><li>Condamnation \u00e0 mort pour Mai V\u0103n H\u1ea1nh, Tr\u1ea7n V\u0103n B\u00e1, Hu\u1ef3nh V\u0129nh Sanh, H\u1ed3 Th\u00e1i B\u1ea1ch, L\u00ea Qu\u1ed1c Qu\u00e2n.<\/li><li>Prison \u00e0 vie pour Tr\u1ea7n Nguy\u00ean H\u00f9ng, T\u00f4 V\u0103n H\u01b0\u1eddn et Ho\u00e0ng \u0110\u00ecnh M\u1ef9<\/li><li>De 12 \u00e0 20 ans de prison pour 13 autres r\u00e9sistants.<\/li><\/ul><p>Tr\u1ea7n V\u0103n B\u00e1 refusa de reconna\u00eetre sa culpabilit\u00e9 et ne demanda aucune amnistie.<\/p><p>La condamnation de Mai V\u0103n H\u1ea1nh et Hu\u1ef3nh V\u0129nh Sanh fut commu\u00e9e en prison \u00e0 vie apr\u00e8s l\u2019intervention du gouvernement fran\u00e7ais qui leur avait reconnu la nationalit\u00e9 fran\u00e7aise.<\/p><p><strong>Pourquoi la condamnation \u00e0 mort ?<\/strong><\/p><p>Malgr\u00e9 sa condamnation \u00e0 mort, Tr\u1ea7n V\u0103n B\u00e1 avait \u00e9t\u00e9 peu mentionn\u00e9 dans le r\u00e9quisitoire de 2 heures du procureur Tr\u1ea7n T\u1ebf. Ce fut aussi le cas de L\u00ea Qu\u1ed1c Qu\u00e2n et H\u1ed3 Th\u00e1i B\u1ea1ch : ils furent condamn\u00e9s \u00e0 mort sans v\u00e9ritable explication en dehors de chefs d\u2019accusation attrape tout comme \u201cHaute trahison\u201d, \u201cEspionnage\u201d.<\/p><p><img decoding=\"async\" class=\"size-medium wp-image-10875 aligncenter\" src=\"https:\/\/agevp60.com\/wp-content\/uploads\/2025\/02\/TVBa_0003-300x209.jpg\" alt=\"\" width=\"300\" height=\"209\" srcset=\"https:\/\/agevp60.com\/wp-content\/uploads\/2025\/02\/TVBa_0003-300x209.jpg 300w, https:\/\/agevp60.com\/wp-content\/uploads\/2025\/02\/TVBa_0003-1024x714.jpg 1024w, https:\/\/agevp60.com\/wp-content\/uploads\/2025\/02\/TVBa_0003-768x536.jpg 768w, https:\/\/agevp60.com\/wp-content\/uploads\/2025\/02\/TVBa_0003-1536x1071.jpg 1536w, https:\/\/agevp60.com\/wp-content\/uploads\/2025\/02\/TVBa_0003-2048x1429.jpg 2048w\" sizes=\"(max-width: 300px) 100vw, 300px\" \/><\/p><p>Les 3 condamn\u00e9s \u00e0 la peine capitale exer\u00e7aient un r\u00f4le de leader \u00e0 l\u2019int\u00e9rieur ou \u00e0 l\u2019ext\u00e9rieur du Vietnam et pouvaient repr\u00e9senter une menace pour le r\u00e9gime.<\/p><p>Tr\u1ea7n V\u0103n B\u00e1 fut condamn\u00e9 \u00e0 mort et ex\u00e9cut\u00e9 car c\u2019\u00e9tait un chef r\u00e9sistant d\u2019envergure et jeune revenant au Vietnam apr\u00e8s 12 ans pass\u00e9s en Europe, dont les activit\u00e9s \u00e9taient susceptibles d\u2019avoir un impact important \u00e0 l\u2019int\u00e9rieur et \u00e0 l\u2019ext\u00e9rieur du pays.<\/p><p>H\u1ed3 Th\u00e1i B\u1ea1ch \u00e9tait un leader du mouvement religieux Cao \u0110\u00e0i, 3e religion du Vietnam par le nombre de fid\u00e8les et implant\u00e9e dans le delta du M\u00e9kong. Il avait organis\u00e9 des r\u00e9voltes de la population de T\u00e2y Ninh de 1982 \u00e0 1984.<\/p><p>L\u00ea Qu\u1ed1c Qu\u00e2n \u00e9tait enseignant et membre \u00e0 responsabilit\u00e9 du mouvement religieux Ho\u00e0 H\u1ea3o (4\u00e8 religion au Vietnam). Il \u00e9tait \u00e9galement un officier de l\u2019arm\u00e9e de la R\u00e9publique du Vietnam.<\/p><p><strong>R\u00e9actions en France et dans le monde<\/strong><\/p><p>A l\u2019annonce du proc\u00e8s, les communaut\u00e9s vietnamiennes en dehors du Vietnam s\u2019\u00e9taient fortement mobilis\u00e9es aupr\u00e8s des m\u00e9dias et responsables politiques, en particulier fran\u00e7ais, pour demander que le droit des accus\u00e9s soient respect\u00e9s.<\/p><p>En Australie, dans la ville d\u2019Adelaide comptant 14 000 r\u00e9fugi\u00e9s vietnamiens, une p\u00e9tition adress\u00e9e au pr\u00e9sident fran\u00e7ais Giscard d\u2019Estaing lui demandant d\u2019intervenir en faveur des condamn\u00e9s fut sign\u00e9e par 6 000 personnes, soit plus de 40% de la communaut\u00e9.<\/p><p>En France, pour soutenir les accus\u00e9s au Vietnam, le Comit\u00e9 International Tran Van Ba fut cr\u00e9\u00e9 sous l\u2019impulsion de Tr\u1ea7n V\u0103n T\u00f2ng, fr\u00e8re de Tr\u1ea7n V\u0103n B\u00e1, avec la pr\u00e9sence de personnalit\u00e9s europ\u00e9ennes et am\u00e9ricaines.<\/p><p>Le 21\/12\/1984, des centaines de personnes s\u2019\u00e9taient rassembl\u00e9es devant l\u2019ambassade du Vietnam pour manifester en soutien aux condamn\u00e9s \u00e0 mort toute la nuit dans un froid glacial.<\/p><p>Le 24\/12\/1984, une c\u00e9r\u00e9monie de pri\u00e8re pour les 21 condamn\u00e9s fut organis\u00e9e \u00e0 Notre Dame de Paris.<\/p><p>Le 29\/12, un rassemblement en faveur des condamn\u00e9s fut organis\u00e9 sur l\u2019esplanade du Trocad\u00e9ro r\u00e9unissant plus de mille personnes avec la pr\u00e9sence des officiels des religions catholiques, bouddhistes, Cao \u0110\u00e0i et Ho\u00e0 H\u1ea3o.<\/p><p>A Li\u00e8ge en Belgique, une plaque comm\u00e9morative fut install\u00e9e en 1988 puis une st\u00e8le en 2000, avec cette inscription : \u201cTran Van Ba, h\u00e9ros de la R\u00e9sistance Vietnamienne ex\u00e9cut\u00e9 par le r\u00e9gime de Hanoi le 8 janvier 1985.\u201d<\/p><p>Aux \u00c9tats Unis, dans la ville de Falls Church en Virginie, une rue porte le nom de Tr\u1ea7n V\u0103n B\u00e1.<\/p><p>En 2007, gr\u00e2ce \u00e0 la mobilisation de la communaut\u00e9 vietnamienne aux \u00c9tats Unis, la M\u00e9daille de la Libert\u00e9 Truman-Reagan fut d\u00e9cern\u00e9e \u00e0 titre posthume \u00e0 Tr\u1ea7n V\u0103n B\u00e1 en hommage \u00e0 son courage et son sacrifice. La m\u00e9daille est attribu\u00e9e chaque ann\u00e9e aux personnes dans le monde comme Lech Walesa, Vaclav Havel en reconnaissance de leur combat pour la libert\u00e9 et la d\u00e9mocratie, contre le communisme et les autres tyrannies.<\/p><p><strong>Le projet CM-12 de Hanoi<\/strong><\/p><p>Dans un document publi\u00e9 r\u00e9cemment par la S\u00e9curit\u00e9 du r\u00e9gime, celle-ci aurait mis en \u0153uvre en 1981 le projet appel\u00e9 CM-12 s\u2019\u00e9tendant jusqu\u2019en 1988 ayant pour but de faire \u00e9chouer le Front Uni des Forces Patriotiques de Lib\u00e9ration du Vietnam (FUFPLV).<\/p><p>Le projet avait \u00e9t\u00e9 d\u00e9cid\u00e9 par Ph\u1ea1m H\u00f9ng, \u00e0 cette \u00e9poque ministre de la S\u00e9curit\u00e9 et membre du Bureau Politique, apr\u00e8s que la s\u00e9curit\u00e9 du r\u00e9gime avait d\u00e9tect\u00e9 une op\u00e9ration d\u2019infiltration au Vietnam par C\u00e0 Mau, pointe au sud du Vietnam. Toujours selon le document, 10 organisations bas\u00e9es au Vietnam et connect\u00e9es avec -le FUFPLV avaient \u00e9t\u00e9 identifi\u00e9es et mises en \u00e9chec.<\/p><p>Compte tenu de la menace pour le r\u00e9gime, le projet CM-12 fut consid\u00e9r\u00e9 comme prioritaire, dot\u00e9 de fonds d\u00e9di\u00e9s et suivi par les autorit\u00e9s centrales. Dans une r\u00e9union d\u2019\u00e9tat major, Ph\u1ea1m V\u0103n \u0110\u1ed3ng, premier ministre \u00e0 l\u2019\u00e9poque, aurait propos\u00e9 \u00e0 Ph\u1ea1m H\u00f9ng d\u2019utiliser les fonds sp\u00e9ciaux des services du Premier Ministre si n\u00e9cessaire.<\/p><p>La direction op\u00e9rationnelle du projet CM-12 \u00e9tait confi\u00e9e aux forces de s\u00e9curit\u00e9 de la province de Ki\u00ean Giang dirig\u00e9es \u00e0 l\u2019\u00e9poque par Nguy\u1ec5n T\u1ea5n D\u0169ng, qui devint bien des ann\u00e9es plus tard Premier ministre du r\u00e9gime (2006-2016).<\/p><p><strong>Le contexte historique au d\u00e9but des ann\u00e9es 80<\/strong><\/p><p>En 1980, ann\u00e9e du retour clandestin de Tr\u1ea7n V\u0103n B\u00e1 au Vietnam, le r\u00e9gime communiste vietnamien manquait encore d\u2019assise au sud Vietnam, 5 ans apr\u00e8s la chute de Saigon. Le conflit arm\u00e9 entre la Chine et le Vietnam, pourtant deux pays sous r\u00e9gime communiste, venait de cesser en 1979.<\/p><p>Le puissant voisin chinois restait mena\u00e7ant, le r\u00e9gime de Hanoi dirig\u00e9 par les cadres communistes du nord \u00e9tait rejet\u00e9 par la population du sud et du centre du Vietnam. La population accabl\u00e9e par la mis\u00e8re et l\u2019oppression dans un pays ferm\u00e9 \u00e0 double tour fuyait par centaines de milliers par la mer dans des bateaux de fortune, faisant d\u00e9couvrir au monde entier la trag\u00e9die des boat people vietnamiens.<\/p><p>Dans cette premi\u00e8re moiti\u00e9 de la d\u00e9cennie 80, la r\u00e9sistance arm\u00e9e \u00e9tait consid\u00e9r\u00e9e par beaucoup de vietnamiens comme le seul mode de lutte \u00e0 l\u2019int\u00e9rieur du Vietnam. A cette \u00e9poque, les mouvements de r\u00e9sistance arm\u00e9e contre le r\u00e9gime de Hanoi b\u00e9n\u00e9ficiaient d\u2019un large soutien au sein des communaut\u00e9s de r\u00e9fugi\u00e9s vietnamiens en Europe, en Am\u00e9rique et en Australie.<\/p><p><strong>Les raisons du retour<\/strong><\/p><p>Parall\u00e8lement aux activit\u00e9s associatives, Tr\u1ea7n V\u0103n B\u00e1 cherchait activement \u00e0 rejoindre une organisation de r\u00e9sistance arm\u00e9e op\u00e9rant \u00e0 l\u2019int\u00e9rieur du Vietnam car il avait toujours consid\u00e9r\u00e9 que les probl\u00e8mes du Vietnam doivent trouver leur solution au Vietnam. Dans son discours \u00e0 la soir\u00e9e du T\u00eat 1979 \u00e0 Paris, un an avant son retour pour rejoindre la r\u00e9sistance, il affirma \u00ab\u00a0<em>que tout changement favorable de la situation au Vietnam ne peut que venir des r\u00e9sistants qui \u0153uvrent depuis 3 ans dans les maquis, luttant pour l\u2019avenir du pays et contre sa menace de disparition<\/em>\u00ab\u00a0.<\/p><p>Tr\u1ea7n V\u0103n B\u00e1 avait l\u2019habitude de dire \u201c<em>Je veux simplement que les vietnamiens puissent disposer de quoi vivre et s\u2019habiller<\/em>\u201d.<\/p><p>Il retourna au pays pour rejoindre la r\u00e9sistance, non par go\u00fbt du danger, ni par esprit de vengeance encore moins pour restaurer un quelconque statut.<\/p><p>Il avait dit et \u00e9crit: \u00ab\u00a0<em>personne ne peut obliger autrui \u00e0 devenir un h\u00e9ros<\/em>\u00ab\u00a0. Il \u00e9tait rentr\u00e9 anim\u00e9 par l\u2019amour profond de son pays, d\u00e9termin\u00e9 \u00e0 quitter le confort pour rentrer partager les souffrances de son peuple. Il \u00e9tait rentr\u00e9 avec l\u2019espoir et la conviction d\u2019\u00eatre un \u00e9l\u00e9ment d\u2019un soul\u00e8vement populaire, d\u2019une temp\u00eate qui emporterait la tyrannie.<\/p><p><strong>AGEVP, la deuxi\u00e8me famille<\/strong><\/p><p>Tr\u1ea7n V\u0103n B\u00e1 \u00e9tait pr\u00e9sident de l\u2019Association G\u00e9n\u00e9rale des \u00c9tudiants Vietnamiens \u00e0 Paris (AGEVP) \u00e0 plusieurs reprises, de 1970 \u00e0 1980.<\/p><p><img decoding=\"async\" class=\"size-medium wp-image-10881 aligncenter\" src=\"https:\/\/agevp60.com\/wp-content\/uploads\/2025\/02\/TVBa_0005-300x213.jpg\" alt=\"\" width=\"300\" height=\"213\" srcset=\"https:\/\/agevp60.com\/wp-content\/uploads\/2025\/02\/TVBa_0005-300x213.jpg 300w, https:\/\/agevp60.com\/wp-content\/uploads\/2025\/02\/TVBa_0005-1024x728.jpg 1024w, https:\/\/agevp60.com\/wp-content\/uploads\/2025\/02\/TVBa_0005-768x546.jpg 768w, https:\/\/agevp60.com\/wp-content\/uploads\/2025\/02\/TVBa_0005-1536x1092.jpg 1536w, https:\/\/agevp60.com\/wp-content\/uploads\/2025\/02\/TVBa_0005-2048x1456.jpg 2048w\" sizes=\"(max-width: 300px) 100vw, 300px\" \/><\/p><p>En 1980, Tr\u1ea7n V\u0103n B\u00e1 retourna seul et clandestinement au Vietnam, accompagn\u00e9 par aucun de ses amis au sein de l\u2019AGEVP pourtant proches de lui comme une deuxi\u00e8me famille. Il s\u2019\u00e9tait confi\u00e9 \u00e0 ses amis qu\u2019il tenait \u00e0 ce que l\u2019AGEVP continue sur sa voie d\u2019association \u00e9tudiante en France, alors qu\u2019il irait jusqu\u2019au bout du chemin qu\u2019il s\u2019\u00e9tait choisi.<\/p><p>N\u2019entretenant aucun lien avec l\u2019organisation de r\u00e9sistance que Tr\u1ea7n V\u0103n B\u00e1 avait rejoint, le Front Uni des Forces Patriotiques de Lib\u00e9ration du Vietnam (FUFPLV), les membres de l\u2019AGEVP savaient peu des ann\u00e9es d\u2019existence de Tr\u1ea7n V\u0103n B\u00e1 apr\u00e8s son d\u00e9part de Paris en 1980, de ses ann\u00e9es dans la r\u00e9sistance jusqu\u2019\u00e0 son arrestation en 1984.<\/p><p>Conscient de l\u2019ardeur sinc\u00e8re mais encore estudiantine de ses amis et des risques et dangers de son propre parcours \u00e0 venir, Tr\u1ea7n V\u0103n B\u00e1 tenait secrets ses pr\u00e9paratifs pendant ses ann\u00e9es \u00e0 Paris. Il avait simplement annonc\u00e9 qu\u2019il rentrerait au pays jusqu\u2019\u00e0 son d\u00e9part effectif un jour de juin 1980, apr\u00e8s avoir discr\u00e8tement dit au revoir \u00e0 quelques amis proches, leur promettant de les contacter pour faire conna\u00eetre la suite lorsqu\u2019il aurait une meilleure connaissance de la situation sur place.<\/p><p>Deux ann\u00e9es plus tard, l\u2019AGEVP re\u00e7ut une lettre de lui post\u00e9e de Saigon. Dans la lettre, il demanda des nouvelles de chaque personne nomm\u00e9ment, et \u00e9crivait peu sur lui-m\u00eame. \u201c<em>Vous \u00eates s\u00fbrement tr\u00e8s occup\u00e9s ? (\u2026) Comment vont les demoiselles ? (\u2026) Pour ma part, rien de sp\u00e9cial, la vie est dure mais je suis en harmonie avec moi-m\u00eame et ma patrie martyris\u00e9e. La voie que j&rsquo;ai choisie est sem\u00e9e d&#8217;emb\u00fbches mais je me dois d&rsquo;aller jusqu&rsquo;au bout, sans tol\u00e9rer aucune d\u00e9viation ni h\u00e9sitation<\/em>.\u201d<\/p><p>Apr\u00e8s avoir rappel\u00e9 \u00e0 ses amis de ne laisser quiconque abuser de l\u2019enthousiasme de leur jeunesse, il conclut : \u201c<em>Avec peu de mots mais beaucoup d\u2019affection, je vous salue, portez vous bien<\/em>\u201d.<\/p><p>La disparition de Tr\u1ea7n V\u0103n B\u00e1 repr\u00e9senta un deuil brutal, un choc \u00e9motionnel pour la famille de l\u2019AGEVP. Avec le temps le vide avait laiss\u00e9 la place aux souvenirs pr\u00e9cieux, son exemple de sacrifice nourrissait l\u2019esprit de l\u2019AGEVP et repr\u00e9sentait un honneur laiss\u00e9 aux g\u00e9n\u00e9rations suivantes.<\/p><p><strong>Comm\u00e9moration annuelle \u00e0 Paris<\/strong><\/p><p>Chaque ann\u00e9e, l\u2019AGEVP, avec les anciens de l\u2019Association et le soutien d\u2019associations amies, organise une comm\u00e9moration pour rendre hommage \u00e0 son ancien pr\u00e9sident et h\u00e9ros national. L\u2019\u00e9v\u00e9nement est organis\u00e9 \u00e0 Paris ou dans les environs, \u00e0 une date proche du 8 janvier, jour de l\u2019ex\u00e9cution de Tr\u1ea7n V\u0103n B\u00e1. De 1986 \u00e0 2010, la comm\u00e9moration \u00e9tait organis\u00e9e par l\u2019Association G\u00e9n\u00e9rale des \u00c9tudiants Vietnamiens de Paris (AGEVP), dont Tr\u1ea7n V\u0103n B\u00e1 avait \u00e9t\u00e9 le pr\u00e9sident embl\u00e9matique dans les ann\u00e9es 1970 \u00e0 1980.<\/p><p>En 2011, \u00e0 la suite du changement de Bureau ex\u00e9cutif de l\u2019AGEVP, la comm\u00e9moration n\u2019avait pas eu lieu.<\/p><p>Depuis 2012 jusqu\u2019\u00e0 ce jour l\u2019Association Tran Van Ba Pour la Libert\u00e9 et la D\u00e9mocratie, fond\u00e9e par d\u2019anciens compagnons de Tr\u1ea7n V\u0103n B\u00e1 et 3 anciens pr\u00e9sidents de l\u2019AGEVP, a pris le relais pour organiser la comm\u00e9moration annuelle avec le soutien actif de l\u2019AGEVP.<\/p><p>En 2025, pour marquer la 40\u00e8 comm\u00e9moration, l\u2019\u00e9v\u00e9nement est organis\u00e9 conjointement par les deux associations amies \u00e0 la grande pagode Kh\u00e1nh Anh \u00e0 Evry, samedi 11 janvier 2025.<\/p><figure id=\"attachment_10876\" aria-describedby=\"caption-attachment-10876\" style=\"width: 300px\" class=\"wp-caption aligncenter\"><img loading=\"lazy\" decoding=\"async\" class=\"wp-image-10876 size-medium\" src=\"https:\/\/agevp60.com\/wp-content\/uploads\/2025\/02\/20250111_Evry_TuongNiemTVBa_TongHop-300x212.jpg\" alt=\"\" width=\"300\" height=\"212\" srcset=\"https:\/\/agevp60.com\/wp-content\/uploads\/2025\/02\/20250111_Evry_TuongNiemTVBa_TongHop-300x212.jpg 300w, https:\/\/agevp60.com\/wp-content\/uploads\/2025\/02\/20250111_Evry_TuongNiemTVBa_TongHop-1024x722.jpg 1024w, https:\/\/agevp60.com\/wp-content\/uploads\/2025\/02\/20250111_Evry_TuongNiemTVBa_TongHop-768x542.jpg 768w, https:\/\/agevp60.com\/wp-content\/uploads\/2025\/02\/20250111_Evry_TuongNiemTVBa_TongHop.jpg 1218w\" sizes=\"(max-width: 300px) 100vw, 300px\" \/><figcaption id=\"caption-attachment-10876\" class=\"wp-caption-text\">40\u00e8 Comm\u00e9moration de Tr\u1ea7n V\u0103n B\u00e1<\/figcaption><\/figure><p><strong>Extraits du discours du pr\u00e9sident de l\u2019AGEVP \u00e0 la Comm\u00e9moration du 11\/01\/25<\/strong><\/p><p>Ph\u1ea1m Nam Anh, pr\u00e9sident de l\u2019AGEVP a prononc\u00e9 un discours en vietnamien au nom du Comit\u00e9 Organisateur, dont voici un extrait traduit en fran\u00e7ais :<\/p><p>\u00ab\u00a0(\u2026) Depuis quelques ann\u00e9es, Le bureau ex\u00e9cutif de l\u2019AGEVP est majoritairement compos\u00e9 de jeunes adultes n\u00e9s en France. Nous n\u2019avons pas eu la chance de conna\u00eetre Tr\u1ea7n V\u0103n B\u00e1 de son vivant. <br \/>N\u00e9anmoins, sa m\u00e9moire nous a \u00e9t\u00e9 transmise et il est aujourd\u2019hui la figure embl\u00e9matique du combat que m\u00e8ne l\u2019AGEVP depuis sa cr\u00e9ation.<\/p><p>L\u2019ann\u00e9e suivant la chute de Saigon en 1975, Tran Van Ba pronon\u00e7a une phrase qui r\u00e9sonne encore dans nos t\u00eates : \u201c<em>Nous sommes encore vivants<\/em>\u201d. Ces mots, \u00e0 la fois simples et forts, eurent une port\u00e9e mondiale au sein de toutes les diasporas vietnamiennes.<\/p><p>Des ann\u00e9es plus tard, en 1980 Tran Van Ba est rentr\u00e9 au Vietnam pour rejoindre le mouvement de la r\u00e9sistance. Son ex\u00e9cution sanglante, il y a 40 ans, est la preuve que le combat que nous menons est l\u00e9gitime.<\/p><p>L\u2019AGEVP continuera d\u2019honorer sa m\u00e9moire afin que la jeunesse entende parler de cet homme et du combat qu\u2019il a men\u00e9.\u201d<\/p><p><strong>L\u2019homme \u00e0 travers les souvenirs<\/strong><\/p><p>Les souvenirs des ann\u00e9es o\u00f9 Tr\u1ea7n V\u0103n B\u00e1 vivait \u00e0 Paris restent nombreux et vivaces, en voici un \u00e9chantillon racont\u00e9 par ses amis :<\/p><p><strong>Olivier Todd<\/strong> (\u00e9crivain journaliste d\u00e9c\u00e9d\u00e9 \u00e0 Paris en d\u00e9cembre 2024)<br \/>Apr\u00e8s le 30 avril 75, partout, \u00e0 tous, sans s&rsquo;arr\u00eater aux \u00e9tiquettes \u00ab\u00a0gauche\u00a0\u00bb, \u00ab\u00a0droite\u00a0\u00bb qui l&rsquo;agacent; B\u00e1 explique son point de vue : il faut poursuivre le combat. Il rencontre aussi bien un Andr\u00e9 Glucksmann qu&rsquo;un Jacques Toubon. Meneur et organisateur mais brouillon, Ba charme et agace. Son d\u00e9vouement est sans limites, comme ses retards. Il pose des lapins, puis s&rsquo;excuse d&rsquo;un air myst\u00e9rieux : \u00ab\u00a0J&rsquo;avais un rendez-vous avec une personnalit\u00e9.\u00a0\u00bb<\/p><p><strong>Tr\u1ea7n \u0110\u00ecnh Th\u1ee5c<\/strong> (Californie) : \u00ab\u00a0Petit et maigre, B\u00e1 d\u00e9gageait un certain charisme aupr\u00e8s de ses amis, m\u00ealant douceur et franchise. Il \u00e9tait chaleureux et attentionn\u00e9, de mani\u00e8re parfois maladroite mais toujours sinc\u00e8re.<\/p><p>Apr\u00e8s 1975, le noyau de l\u2019AGEVP s\u2019installa dans un appartement du 6e \u00e9tage \u00e0 Bourg la Reine, en proche banlieue. B\u00e1 et une dizaine d\u2019amis y vivaient dans 3 pi\u00e8ces, partageant chaque nourriture, chaque boisson. Nous nous sentions orphelins mais avions le moral \u00e9lev\u00e9 ; les soir\u00e9es du T\u00eat du Vietnam libre \u00e9taient organis\u00e9es \u00e0 la salle de Maubert Mutualit\u00e9 une semaine avant celles des communistes, les op\u00e9rations de collage d\u2019affiches du milieu de la nuit jusqu\u2019au matin, les nuits blanches de comm\u00e9moration et de d\u00e9bats du 30 avril, toutes ces activit\u00e9s, nous les menions avec enthousiasme. Au milieu de ses amis, B\u00e1 nous inspirait par son int\u00e9grit\u00e9 et son honn\u00eatet\u00e9. B\u00e1 menait une vie aust\u00e8re voire pauvre\u2026il avait sa famille, sa m\u00e8re, sa s\u0153ur et son fr\u00e8re \u00e0 Paris mais pr\u00e9f\u00e9rait rester avec ses amis.\u00a0\u00bb<\/p><figure id=\"attachment_8831\" aria-describedby=\"caption-attachment-8831\" style=\"width: 300px\" class=\"wp-caption aligncenter\"><img loading=\"lazy\" decoding=\"async\" class=\"wp-image-8831 size-full\" src=\"https:\/\/agevp60.com\/wp-content\/uploads\/2024\/04\/Tran-Van-Ba-ve-boi-Tran-Dinh-Thuc-w.jpg\" alt=\"Tr\u1ea7n V\u0103n B\u00e1\" width=\"300\" height=\"357\" srcset=\"https:\/\/agevp60.com\/wp-content\/uploads\/2024\/04\/Tran-Van-Ba-ve-boi-Tran-Dinh-Thuc-w.jpg 300w, https:\/\/agevp60.com\/wp-content\/uploads\/2024\/04\/Tran-Van-Ba-ve-boi-Tran-Dinh-Thuc-w-252x300.jpg 252w\" sizes=\"(max-width: 300px) 100vw, 300px\" \/><figcaption id=\"caption-attachment-8831\" class=\"wp-caption-text\">Portrait de Tr\u1ea7n V\u0103n B\u00e1 par Tr\u1ea7n \u0110\u00ecnh Th\u1ee5c<\/figcaption><\/figure><p><strong>L\u00ea H\u1eefu \u0110\u00e0o<\/strong> (Li\u00e8ge)<br \/>Avec sa grande culture et son tissu de relations \u00e9tendu, B\u00e1 avait fortement contribu\u00e9 et de mani\u00e8re pratique aux orientations prises par le Congr\u00e8s des Vietnamiens en Europe en faveur de la libert\u00e9 au Vietnam. Il avait consacr\u00e9 beaucoup d\u2019efforts, mis tout son c\u0153ur \u00e0 rencontrer et \u00e9changer individuellement avec nombre d\u2019entre nous en Europe. Les discussions \u00e9taient parfois tendues (il \u00e9tait connu pour son chaud temp\u00e9rament), mais toujours dans un esprit de respect mutuel.<\/p><p>Tr\u1ea7n V\u0103n B\u00e1 avait le contact simple et naturel, aimait plaisanter et restait accessible. Personnellement, je me rappelle encore de ma premi\u00e8re nuit de collage d\u2019affiches, lorsque j\u2019\u00e9tais encore au lyc\u00e9e. Les jeunes membres de l\u2019AGEVP, \u00e9tudiants pour la plupart, se donn\u00e8rent rendez-vous \u00e0 la r\u00e9sidence de la Cit\u00e9 Universitaire, se regroupant autour dune marmite de soupe, et anh B\u00e1 nous accompagnait ce soir l\u00e0. Nous descend\u00eemes ensuite entamer notre nuit de collage d\u2019affiches dans un froid glacial, r\u00e9partis par petit groupe de trois. Anh B\u00e1 \u00e9tait \u00e0 mes c\u00f4t\u00e9s et aucun de nous trois n\u2019avait de brosse ni d\u2019outil pour appliquer la colle. En ricanant anh B\u00e1 me disait \u00ab\u00a0<em>t\u2019inqui\u00e8te donc pas, laisse-moi faire<\/em>\u00ab\u00a0, puis plongea sa main dans le pot de colle glac\u00e9, l\u2019appliqua sur les affiches et les colla successivement au mur. C\u2019est ainsi que je pris go\u00fbt au collage d\u2019affiches.<\/p><p><strong>L\u2019esprit Tr\u1ea7n V\u0103n B\u00e1<\/strong><\/p><p>Il avait l\u2019habitude de dire \u00ab\u00a0<em>J\u2019aspire seulement \u00e0 ce chaque vietnamien puisse disposer d\u2019un \u00e1o b\u00e0 ba<\/em>\u00a0\u00bb (v\u00eatement traditionnel du paysan vietnamien). L\u2019esprit Tr\u1ea7n V\u0103n B\u00e1 est simple comme ce v\u00eatement. C\u2019est l\u2019amour du pays et de son peuple, poussant \u00e0 trouver des solutions \u00e0 ses souffrances malgr\u00e9 le prix \u00e0 payer.<\/p><p>L\u2019esprit Tr\u1ea7n V\u0103n B\u00e1, c\u2019est l\u2019esprit d\u2019engagement, un amour sinc\u00e8re et profond pour son pays et la fid\u00e9lit\u00e9 aux valeurs de libert\u00e9 et de d\u00e9mocratie. L\u2019exemple et le sacrifice de Tr\u1ea7n V\u0103n B\u00e1 resteront en m\u00e9moire et les valeurs que Tr\u1ea7n V\u0103n B\u00e1 \u00e0 transmises ont plus de sens que jamais et qu\u2019il faut continuer \u00e0 promouvoir.<\/p><p>Depuis 2016, le Prix Tr\u1ea7n V\u0103n B\u00e1 est organis\u00e9 chaque ann\u00e9e pour rendre hommage aux personnes au Vietnam qui osent d\u00e9fendre avec courage et au p\u00e9ril de leur vie la justice, la libert\u00e9 et la souverainet\u00e9 dans leur pays.<\/p><p><strong>40 ans apr\u00e8s<\/strong><\/p><p>En 1979, dans son discours \u00e0 la soir\u00e9e du T\u00eat \u00e0 Paris, Tr\u1ea7n V\u0103n B\u00e1, 34 ans disait \u00ab\u00a0<em>Les Vietnamiens fuient leur pays en masse car un pouvoir oppressif a usurp\u00e9 tous leurs droits humains et menace leur s\u00e9curit\u00e9. La solution est que chaque vietnamien puisse vivre dans son pays sans que sa dignit\u00e9 ne soit bafou\u00e9e, sans craindre pour sa s\u00e9curit\u00e9.<\/em> \u201c<\/p><p>40 ans apr\u00e8s la disparition de Tr\u1ea7n V\u0103n B\u00e1, les probl\u00e8mes dramatiques li\u00e9s au Vietnam qui se posaient \u00e0 lui et avaient conduit \u00e0 son sacrifice restent entiers pour les Vietnamiens d\u2019aujourd\u2019hui. La trag\u00e9die des boat people est pass\u00e9e et la r\u00e9sistance arm\u00e9e ne constitue pas une solution, mais les droits humains des Vietnamiens continuent d\u2019\u00eatre bafou\u00e9s par le m\u00eame pouvoir oppressif.<\/p><p>Les violations des droits de l\u2019homme et de la dignit\u00e9 humaine continuent d\u2019\u00eatre d\u00e9nonc\u00e9es par les organisations internationales HRW (Human Rights Watch), Amnesty International, RSF (Reporters Sans Fronti\u00e8res) qui classent le Vietnam parmi les pires pays dans le monde pour les droits humains.<\/p><p>Depuis longtemps le r\u00e9gime de Hanoi est devenu un satellite de la Chine, qui empi\u00e8te sur le territoire du Vietnam. \u00ab\u00a0<em>Cruel avec le peuple, l\u00e2che face \u00e0 l\u2019envahisseur<\/em>\u00a0\u00bb comme le d\u00e9crivent les vietnamiens \u00e0 l\u2019int\u00e9rieur comme \u00e0 l\u2019ext\u00e9rieur du pays.<\/p><p>Il y a plus de 40 ans, un jeune trentenaire anim\u00e9 d\u2019un amour immod\u00e9r\u00e9 et sinc\u00e8re pour son pays retourna dans sa terre natale pour partager le triste sort de son peuple et lutter pour son avenir.<\/p><p>Aujourd\u2019hui, au Vietnam de nombreuses personnes sont emprisonn\u00e9es, payant un prix \u00e9lev\u00e9 pour eux-m\u00eames et leur famille pour leur engagement non violent. Ils sont pour la plupart jeunes, n\u00e9s bien apr\u00e8s 1985, provenant des 3 r\u00e9gions du pays. Leur crime ? Avoir os\u00e9 dire la v\u00e9rit\u00e9 sur les injustices et r\u00e9alit\u00e9s du pays et s\u2019engager pour une soci\u00e9t\u00e9 meilleure. Sur leur chemin p\u00e9rilleux les h\u00e9ros des r\u00e9sistances pass\u00e9es repr\u00e9sentent autant de phares guidant leur pas. Et l\u2019un d\u2019eux est Tr\u1ea7n V\u0103n B\u00e1.<\/p>\t\t\t\t\t\t\t\t<\/div>\n\t\t\t\t<\/div>\n\t\t\t\t\t<\/div>\n\t\t\t\t<\/div>\n\t\t<div class=\"elementor-element elementor-element-a039431 e-flex e-con-boxed e-con e-parent\" data-id=\"a039431\" data-element_type=\"container\" data-e-type=\"container\">\n\t\t\t\t\t<div class=\"e-con-inner\">\n\t\t\t\t<div class=\"elementor-element elementor-element-5b43228 elementor-widget elementor-widget-text-editor\" data-id=\"5b43228\" data-element_type=\"widget\" data-e-type=\"widget\" data-widget_type=\"text-editor.default\">\n\t\t\t\t<div class=\"elementor-widget-container\">\n\t\t\t\t\t\t\t\t\t<p><b>Tr\u1ea7n Lam S\u01a1n<\/b><\/p>\t\t\t\t\t\t\t\t<\/div>\n\t\t\t\t<\/div>\n\t\t\t\t\t<\/div>\n\t\t\t\t<\/div>\n\t\t<div class=\"elementor-element elementor-element-6f73654 e-flex e-con-boxed e-con e-parent\" data-id=\"6f73654\" data-element_type=\"container\" data-e-type=\"container\">\n\t\t\t\t\t<div class=\"e-con-inner\">\n\t\t\t\t<div class=\"elementor-element elementor-element-2c2250c elementor-widget elementor-widget-text-editor\" data-id=\"2c2250c\" data-element_type=\"widget\" data-e-type=\"widget\" data-widget_type=\"text-editor.default\">\n\t\t\t\t<div class=\"elementor-widget-container\">\n\t\t\t\t\t\t\t\t\t<h3><b>Autres articles<\/b><\/h3>\t\t\t\t\t\t\t\t<\/div>\n\t\t\t\t<\/div>\n\t\t\t\t\t<\/div>\n\t\t\t\t<\/div>\n\t\t<div class=\"elementor-element elementor-element-fc5f63d e-flex e-con-boxed e-con e-parent\" data-id=\"fc5f63d\" data-element_type=\"container\" data-e-type=\"container\">\n\t\t\t\t\t<div class=\"e-con-inner\">\n\t\t\t\t<div class=\"elementor-element elementor-element-30aad30 elementor-widget elementor-widget-text-editor\" data-id=\"30aad30\" data-element_type=\"widget\" data-e-type=\"widget\" data-widget_type=\"text-editor.default\">\n\t\t\t\t<div class=\"elementor-widget-container\">\n\t\t\t\t\t\t\t\t\t<ul style=\"font-size: 16px; background-color: #ffffff;\"><li style=\"font-size: 16px;\"><span style=\"font-weight: bolder;\">Tr\u1ea7n V\u0103n B\u00e1 : une m\u00e9moire de l\u2019oubli des guerres du Vietnam<\/span><br \/><a style=\"text-decoration-line: none;\" href=\"http:\/\/lescahiersdunem.fr\/tran-van-ba-une-memoire-de-loubli-des-guerres-du-vietnam\/\">http:\/\/lescahiersdunem.fr\/tran-van-ba-une-memoire-de-loubli-des-guerres-du-vietnam\/<\/a><\/li><li style=\"font-size: 16px;\"><span style=\"font-weight: bolder;\">Tr\u1ea7n V\u0103n B\u00e1, portrait d\u2019un r\u00e9sistant \u2013 Olivier Todd<\/span><br \/><a style=\"text-decoration-line: none;\" href=\"https:\/\/indomemoires.hypotheses.org\/5110\">https:\/\/indomemoires.hypotheses.org\/5110<\/a><\/li><\/ul>\t\t\t\t\t\t\t\t<\/div>\n\t\t\t\t<\/div>\n\t\t\t\t\t<\/div>\n\t\t\t\t<\/div>\n\t\t<div class=\"elementor-element elementor-element-59c1d66 e-flex e-con-boxed e-con e-parent\" data-id=\"59c1d66\" data-element_type=\"container\" data-e-type=\"container\">\n\t\t\t\t\t<div class=\"e-con-inner\">\n\t\t<div class=\"elementor-element elementor-element-0ce1c20 e-con-full e-flex e-con e-child\" data-id=\"0ce1c20\" data-element_type=\"container\" data-e-type=\"container\">\n\t\t\t\t<div class=\"elementor-element elementor-element-f046274 elementor-widget elementor-widget-text-editor\" data-id=\"f046274\" data-element_type=\"widget\" data-e-type=\"widget\" data-widget_type=\"text-editor.default\">\n\t\t\t\t<div class=\"elementor-widget-container\">\n\t\t\t\t\t\t\t\t\t<h4><strong>Chansons en hommage \u00e0 Tr\u1ea7n V\u0103n B\u00e1<\/strong><\/h4>\t\t\t\t\t\t\t\t<\/div>\n\t\t\t\t<\/div>\n\t\t\t\t<\/div>\n\t\t<div class=\"elementor-element elementor-element-f2b89ed e-con-full e-flex e-con e-child\" data-id=\"f2b89ed\" data-element_type=\"container\" data-e-type=\"container\">\n\t\t\t\t<div class=\"elementor-element elementor-element-0fa6db2 elementor-widget elementor-widget-text-editor\" data-id=\"0fa6db2\" data-element_type=\"widget\" data-e-type=\"widget\" data-widget_type=\"text-editor.default\">\n\t\t\t\t<div class=\"elementor-widget-container\">\n\t\t\t\t\t\t\t\t\t<h5><strong>Tr\u1ea7n V\u0103n B\u00e1 &#8211; Chorale de l&rsquo;AGEVP<\/strong><\/h5>\t\t\t\t\t\t\t\t<\/div>\n\t\t\t\t<\/div>\n\t\t\t\t<div class=\"elementor-element elementor-element-0c9701e elementor-widget elementor-widget-wp-widget-media_audio\" data-id=\"0c9701e\" data-element_type=\"widget\" data-e-type=\"widget\" data-widget_type=\"wp-widget-media_audio.default\">\n\t\t\t\t<div class=\"elementor-widget-container\">\n\t\t\t\t\t<audio class=\"wp-audio-shortcode\" id=\"audio-10859-1\" preload=\"none\" style=\"width: 100%;\" controls=\"controls\"><source type=\"audio\/mpeg\" src=\"https:\/\/agevp60.com\/wp-content\/uploads\/2023\/12\/Tran-Van-Ba-Hop-Ca-1.mp3?_=1\" \/><source type=\"audio\/mpeg\" src=\"https:\/\/agevp60.com\/wp-content\/uploads\/2023\/12\/Tran-Van-Ba-Hop-Ca-1.mp3?_=1\" \/><a href=\"https:\/\/agevp60.com\/wp-content\/uploads\/2023\/12\/Tran-Van-Ba-Hop-Ca-1.mp3\">https:\/\/agevp60.com\/wp-content\/uploads\/2023\/12\/Tran-Van-Ba-Hop-Ca-1.mp3<\/a><\/audio>\t\t\t\t<\/div>\n\t\t\t\t<\/div>\n\t\t\t\t<div class=\"elementor-element elementor-element-7b851ef elementor-widget elementor-widget-text-editor\" data-id=\"7b851ef\" data-element_type=\"widget\" data-e-type=\"widget\" data-widget_type=\"text-editor.default\">\n\t\t\t\t<div class=\"elementor-widget-container\">\n\t\t\t\t\t\t\t\t\t<h5><strong>Mon fr\u00e8re (Anh t\u00f4i) &#8211; par T\u00e0o V\u0103n Anh et Phan V\u0103n H\u01b0ng<\/strong><\/h5>\t\t\t\t\t\t\t\t<\/div>\n\t\t\t\t<\/div>\n\t\t\t\t<div class=\"elementor-element elementor-element-f284190 elementor-widget elementor-widget-wp-widget-media_audio\" data-id=\"f284190\" data-element_type=\"widget\" data-e-type=\"widget\" data-widget_type=\"wp-widget-media_audio.default\">\n\t\t\t\t<div class=\"elementor-widget-container\">\n\t\t\t\t\t<audio class=\"wp-audio-shortcode\" id=\"audio-10859-2\" preload=\"none\" style=\"width: 100%;\" controls=\"controls\"><source type=\"audio\/mpeg\" src=\"https:\/\/agevp60.com\/wp-content\/uploads\/2023\/12\/Anh-toi-Tao-Van-Anh.mp3?_=2\" \/><source type=\"audio\/mpeg\" src=\"https:\/\/agevp60.com\/wp-content\/uploads\/2023\/12\/Anh-toi-Tao-Van-Anh.mp3?_=2\" \/><a href=\"https:\/\/agevp60.com\/wp-content\/uploads\/2023\/12\/Anh-toi-Tao-Van-Anh.mp3\">https:\/\/agevp60.com\/wp-content\/uploads\/2023\/12\/Anh-toi-Tao-Van-Anh.mp3<\/a><\/audio>\t\t\t\t<\/div>\n\t\t\t\t<\/div>\n\t\t\t\t<div class=\"elementor-element elementor-element-6421a9d elementor-widget elementor-widget-text-editor\" data-id=\"6421a9d\" data-element_type=\"widget\" data-e-type=\"widget\" data-widget_type=\"text-editor.default\">\n\t\t\t\t<div class=\"elementor-widget-container\">\n\t\t\t\t\t\t\t\t\t<h5><strong>Mon fr\u00e8re (Anh t\u00f4i) par Phan V\u0103n H\u01b0ng<\/strong><\/h5>\t\t\t\t\t\t\t\t<\/div>\n\t\t\t\t<\/div>\n\t\t\t\t<div class=\"elementor-element elementor-element-1c1cff1 elementor-widget elementor-widget-video\" data-id=\"1c1cff1\" data-element_type=\"widget\" data-e-type=\"widget\" data-settings=\"{&quot;youtube_url&quot;:&quot;https:\\\/\\\/youtu.be\\\/tdr7OadWz9w&quot;,&quot;video_type&quot;:&quot;youtube&quot;,&quot;controls&quot;:&quot;yes&quot;}\" data-widget_type=\"video.default\">\n\t\t\t\t<div class=\"elementor-widget-container\">\n\t\t\t\t\t\t\t<div class=\"elementor-wrapper elementor-open-inline\">\n\t\t\t<div class=\"elementor-video\"><\/div>\t\t<\/div>\n\t\t\t\t\t\t<\/div>\n\t\t\t\t<\/div>\n\t\t\t\t<div class=\"elementor-element elementor-element-3becee8 elementor-widget elementor-widget-text-editor\" data-id=\"3becee8\" data-element_type=\"widget\" data-e-type=\"widget\" data-widget_type=\"text-editor.default\">\n\t\t\t\t<div class=\"elementor-widget-container\">\n\t\t\t\t\t\t\t\t\t<h5><strong>Ma dette envers toi (N\u1ee3 anh) &#8211; Minh T\u00f9ng<\/strong><\/h5>\t\t\t\t\t\t\t\t<\/div>\n\t\t\t\t<\/div>\n\t\t\t\t<div class=\"elementor-element elementor-element-179ac66 elementor-widget elementor-widget-video\" data-id=\"179ac66\" data-element_type=\"widget\" data-e-type=\"widget\" data-settings=\"{&quot;youtube_url&quot;:&quot;https:\\\/\\\/youtu.be\\\/blD8H491Uis&quot;,&quot;video_type&quot;:&quot;youtube&quot;,&quot;controls&quot;:&quot;yes&quot;}\" data-widget_type=\"video.default\">\n\t\t\t\t<div class=\"elementor-widget-container\">\n\t\t\t\t\t\t\t<div class=\"elementor-wrapper elementor-open-inline\">\n\t\t\t<div class=\"elementor-video\"><\/div>\t\t<\/div>\n\t\t\t\t\t\t<\/div>\n\t\t\t\t<\/div>\n\t\t\t\t<\/div>\n\t\t\t\t\t<\/div>\n\t\t\t\t<\/div>\n\t\t\t\t<\/div>\n\t\t","protected":false},"excerpt":{"rendered":"<p>D\u00e9cennie 1974 &#8211; 1983 Tr\u1ea7n V\u0103n B\u00e1, H\u00e9ros de la R\u00e9sistance Vietnamienne Le 8 janvier 1985, le nom de Tr\u1ea7n V\u0103n B\u00e1 entra dans l\u2019histoire. Ce matin l\u00e0 \u00e0 Th\u1ee7 \u0110\u1ee9c, ville situ\u00e9e \u00e0 l\u2019est de Saigon, Tr\u1ea7n V\u0103n B\u00e1 ainsi que deux compagnons L\u00ea Qu\u1ed1c Qu\u00e2n et H\u1ed3 Th\u00e1i B\u1ea1ch furent fusill\u00e9s sur ordre [&hellip;]<\/p>\n","protected":false},"author":2,"featured_media":0,"parent":0,"menu_order":0,"comment_status":"closed","ping_status":"closed","template":"","meta":{"footnotes":""},"class_list":["post-10859","page","type-page","status-publish","hentry"],"_links":{"self":[{"href":"https:\/\/agevp60.com\/index.php\/wp-json\/wp\/v2\/pages\/10859","targetHints":{"allow":["GET"]}}],"collection":[{"href":"https:\/\/agevp60.com\/index.php\/wp-json\/wp\/v2\/pages"}],"about":[{"href":"https:\/\/agevp60.com\/index.php\/wp-json\/wp\/v2\/types\/page"}],"author":[{"embeddable":true,"href":"https:\/\/agevp60.com\/index.php\/wp-json\/wp\/v2\/users\/2"}],"replies":[{"embeddable":true,"href":"https:\/\/agevp60.com\/index.php\/wp-json\/wp\/v2\/comments?post=10859"}],"version-history":[{"count":19,"href":"https:\/\/agevp60.com\/index.php\/wp-json\/wp\/v2\/pages\/10859\/revisions"}],"predecessor-version":[{"id":10888,"href":"https:\/\/agevp60.com\/index.php\/wp-json\/wp\/v2\/pages\/10859\/revisions\/10888"}],"wp:attachment":[{"href":"https:\/\/agevp60.com\/index.php\/wp-json\/wp\/v2\/media?parent=10859"}],"curies":[{"name":"wp","href":"https:\/\/api.w.org\/{rel}","templated":true}]}}